{"id":590,"date":"2021-05-11T06:19:11","date_gmt":"2021-05-11T06:19:11","guid":{"rendered":"https:\/\/feinamc.eu\/partners\/"},"modified":"2021-06-23T14:13:19","modified_gmt":"2021-06-23T14:13:19","slug":"partners","status":"publish","type":"page","link":"https:\/\/feinamc.eu\/es\/partners\/","title":{"rendered":"Organizaciones"},"content":{"rendered":"<h1><strong>Organizaciones<\/strong><\/h1>\n<div>\n<div uk-slider>\n<div class=\"uk-position-relative\">\n<div class=\"uk-slider-container\">\n<ul class=\"custom-slider-items uk-slider-items uk-child-width-1-1 uk-flex uk-flex-middle\">\n                <!-- Partner 1--><\/p>\n<li>\n<div class=\"uk-child-width-expand@s\" uk-grid>\n<div class=\"uk-width-1-1\">\n<div class=\"uk-flex uk-flex-middle\">\n<div class=\"uk-width-1-4@m inline-block\">\n                            <img decoding=\"async\" src=\"\/wp-content\/uploads\/2021\/05\/intered-ingles-claim.png\"><\/div>\n<div class=\"uk-width-1-4@m inline-block\">\n<div class=\"foo-tab2\"><a href=\"http:\/\/intered.org\/\" target=\"_blank\">Visita la p\u00e1gina web<\/a><\/div>\n<\/p><\/div>\n<\/p><\/div>\n<p>\n\t\t\t\t\t\tInteRed es una ONGD especializada en educaci\u00f3n y equidad de g\u00e9nero. Desde 1992 impulsa una educaci\u00f3n transformadora que genere una participaci\u00f3n activa y comprometida a favor de la justicia, la equidad de g\u00e9nero y la sostenibilidad social y ambiental.\n                            <\/p>\n<p>\n                            InteRed trabaja con personas y organizaciones de diferentes pa\u00edses y culturas, especialmente con aquellos cuyos derechos son m\u00e1s vulnerados: ni\u00f1os y ni\u00f1as, mujeres, comunidades rurales, poblaciones ind\u00edgenas.<\/p>\n<p>\n                                InteRed trabaja en 11 pa\u00edses, entre ellos Espa\u00f1a, donde cuenta con 11 delegaciones territoriales y una amplia base social de socios y socias, donantes y personas voluntarias.\n                            <\/p>\n<p>\n                                <b>MISI\u00d3N: <\/b> Somos una ONGD promovida por la Instituci\u00f3n Teresiana que, apuesta por una educaci\u00f3n transformadora, que genere la participaci\u00f3n activa y comprometida de todas las personas a favor de la justicia, la equidad de g\u00e9nero y la sostenibilidad social y ambiental.<br \/>\n                                <br \/><b>VISI\u00d3N:<\/b> Una organizaci\u00f3n que impulsa procesos educativos para el cambio personal y colectivo a favor de la justicia social, la equidad y el cuidado de las personas y la naturaleza, abierta a la participaci\u00f3n y al di\u00e1logo con grupos y personas de distintos pa\u00edses.<\/p>\n<p><b>VALORES:<\/b> Promovemos y queremos vivir valores como la coherencia, el cuidado de las personas y el planeta, la equidad, la corresponsabilidad, la participaci\u00f3n, la solidaridad y la transparencia en nuestras acciones.<\/p>\n<\/p><\/div>\n<\/p><\/div>\n<\/li>\n<p>\t\t\t\t<!-- Partner 2--><\/p>\n<p>\t\t\t\t<!-- Partner 3--><\/p>\n<li>\n<div class=\"uk-child-width-expand@s\" uk-grid>\n<div class=\"uk-width-1-1\">\n<div class=\"uk-flex uk-flex-middle\">\n<div class=\"uk-width-1-4@m inline-block\">\n                            <img decoding=\"async\" src=\"\/wp-content\/uploads\/2021\/05\/cesie-logo-1.png\"><\/div>\n<div class=\"uk-width-1-4@m inline-block\">\n<div class=\"foo-tab2\"><a href=\"https:\/\/cesie.org\/\" target=\"_blank\">Visita la p\u00e1gina web<\/a><\/div>\n<\/p><\/div>\n<\/p><\/div>\n<p>CESIE es un Centro de Estudios Europeo e Iniciativas con sede en Palermo, Sicilia. Fundadod en 2001, inspirado en el trabajo y las teor\u00edas del soci\u00f3logo, activista y educador Danilo Dolci (1924-1997).\n<\/p>\n<p>Nuestra misi\u00f3n es promover la innovaci\u00f3n, la participaci\u00f3n y el crecimiento educativo.\n<\/p>\n<p>El lema de CESIE, el mundo es una sola criatura, expresa la filosof\u00eda por la que trabaja la organizaci\u00f3n: inclusi\u00f3n y equidad para todos y todas.\n<\/p>\n<p>CESIE est\u00e1 estructurado en 6 unidades principales:<\/p>\n<p>\n<b>Educaci\u00f3n superior e investigaci\u00f3n:<\/b> fomento del progreso, la investigaci\u00f3n y la innovaci\u00f3n sostenibles y responsables en la educaci\u00f3n superior y los sistemas de investigaci\u00f3n;<br \/>\n<br \/><b>Derechos y Justicia:<\/b> promover la igualdad, proteger los derechos de las personas, prevenir y desarrollar respuestas a la violencia y la discriminaci\u00f3n;<br \/>\n<br \/><b>Personas Adultas: <\/b>mejorar el aprendizaje permanente en la educaci\u00f3n de las personas adultas, impulsar pr\u00e1cticas innovadoras y desarrollar competencias clave para las personas adultas;<br \/>\n<br \/><b>Migraci\u00f3n:<\/b> desarrollo de enfoques efectivos e inclusivos para solicitantes de asilo, personas refugiadas y migrantes;<br \/>\n<br \/><b>Escuela:<\/b> mejora de la calidad y eficiencia de la educaci\u00f3n formal;<br \/>\n<br \/><b>Juventud:<\/b> potenciar la ciudadan\u00eda activa, la formaci\u00f3n, la educaci\u00f3n y la movilidad de los y las j\u00f3venes.<\/p>\n<\/p><\/div>\n<\/p><\/div>\n<\/li>\n<p>\t\t\t\t<!-- Partner 4--><\/p>\n<li>\n<div class=\"uk-child-width-expand@s\" uk-grid>\n<div class=\"uk-width-1-1\">\n<div class=\"uk-flex uk-flex-middle\">\n<div class=\"uk-width-1-4@m inline-block\">\n                            <img decoding=\"async\" src=\"\/wp-content\/uploads\/2021\/05\/logo-kmop-1.jpg\"><\/div>\n<div class=\"uk-width-1-4@m inline-block\">\n<div class=\"foo-tab2\"><a href=\"https:\/\/www.kmop.gr\/\" target=\"_blank\">Visita la p\u00e1gina web<\/a><\/div>\n<\/p><\/div>\n<\/p><\/div>\n<p>\n\t\t\t\t\t\tKMOP &#8211; Centro de Innovaci\u00f3n y Acci\u00f3n Social es una organizaci\u00f3n sin \u00e1nimo de lucro, con sede en Atenas, Grecia, con m\u00e1s de 40 a\u00f1os de experiencia en desarrollo sostenible, crecimiento social, protecci\u00f3n de los derechos humanos, inclusi\u00f3n social e investigaci\u00f3n de pol\u00edticas. Se centra en desarrollar la resiliencia de las personas, combatir las desigualdades y apoyar el crecimiento inclusivo y sostenible mediante el desarrollo y la implementaci\u00f3n de una variedad de herramientas, programas y pol\u00edticas innovadoras. Junto con la provisi\u00f3n directa de servicios sociales, la experiencia de KMOP se relaciona con el dise\u00f1o y la implementaci\u00f3n de programas con gran impacto en las \u00e1reas de educaci\u00f3n, migraci\u00f3n, protecci\u00f3n de los derechos humanos, empleo, salud mental y econom\u00eda social.\n<\/p>\n<p>KMOP es el coordinador del proyecto POLITEIA. En el campo de la educaci\u00f3n, la organizaci\u00f3n tiene una gran experiencia en la implementaci\u00f3n de proyectos relevantes y ha establecido una colaboraci\u00f3n continua y exitosa con el Ministerio de Educaci\u00f3n de Grecia y la Fundaci\u00f3n de Educaci\u00f3n para el Aprendizaje a lo largo de la vida de las Personas J\u00f3venes. Adem\u00e1s, KMOP ha estado involucrado durante mucho tiempo en la implementaci\u00f3n de programas de aprendizaje a lo largo de la vida, aprendizaje no formal y desarrollo de capacidades para personas socialmente vulnerables.\n<\/p>\n<\/p><\/div>\n<\/p><\/div>\n<\/li>\n<li>\n<div class=\"uk-child-width-expand@s\" uk-grid>\n<div class=\"uk-width-1-1\">\n<div class=\"uk-flex uk-flex-middle\">\n<div class=\"uk-width-1-4@m inline-block\">\n                            <img decoding=\"async\" src=\"\/wp-content\/uploads\/2021\/05\/cardet.svg\"><\/div>\n<div class=\"uk-width-1-4@m inline-block\">\n<div class=\"foo-tab2\"><a href=\"https:\/\/cardet.org\/\" target=\"_blank\">Visita la p\u00e1gina web<\/a><\/div>\n<\/p><\/div>\n<\/p><\/div>\n<p>\n\t\t\t\t\t\tCARDET es uno de los principales centros de investigaci\u00f3n y desarrollo en la regi\u00f3n mediterr\u00e1nea con experiencia global en dise\u00f1o e implementaci\u00f3n de proyectos, desarrollo de capacidades y educaci\u00f3n a distancia. Est\u00e1 afiliada de forma independiente a universidades e instituciones de todo el mundo, como la Universidad de Yale, la Universidad de Nicosia y el Consejo Internacional de Medios Educativos. CARDET ha completado numerosos proyectos relacionados con el desarrollo de la creaci\u00f3n de capacidad y la planificaci\u00f3n en educaci\u00f3n y FTP, apoyo a las personas j\u00f3venes, aprendizaje de personas adultas, alfabetizaci\u00f3n, herramientas digitales, educaci\u00f3n a distancia, tecnolog\u00eda educativa e integraci\u00f3n social de grupos marginados. Una de nuestras principales fortalezas es nuestra capacidad para planificar, implementar, ejecutar y evaluar cuidadosamente proyectos en diversos contextos.\n<\/p>\n<\/p><\/div>\n<\/p><\/div>\n<\/li>\n<p>\t\t\t\t<!-- Partner 5--><\/p>\n<li>\n<div class=\"uk-child-width-expand@s\" uk-grid>\n<div class=\"uk-width-1-1\">\n<div class=\"uk-flex uk-flex-middle\">\n<div class=\"uk-width-1-4@m inline-block\">\n                            <img decoding=\"async\" src=\"\/wp-content\/uploads\/2021\/05\/csm_logo_SW_blanco_fb73845432.jpg\"><\/div>\n<div class=\"uk-width-1-4@m inline-block\">\n<div class=\"foo-tab2\"><a href=\"https:\/\/www.suedwind.at\/\" target=\"_blank\">Visita la p\u00e1gina web<\/a><\/div>\n<\/p><\/div>\n<\/p><\/div>\n<p>\n\t\t\t\t\t\tS\u00fcdwind es una organizaci\u00f3n austriaca independiente de derechos humanos. Desde hace m\u00e1s de 40 a\u00f1os S\u00fcdwind lleva abogando por la justicia social, condiciones laborales justas y un desarrollo global sostenible. A trav\u00e9s del trabajo educativo, las relaciones p\u00fablicas y campa\u00f1as, S\u00fcdwind aborda las interrelaciones globales y sus impactos sociales. Con campa\u00f1as p\u00fablicas, de sensibilizaci\u00f3n y trabajo educativo, S\u00fcdwind est\u00e1 comprometida con un mundo m\u00e1s igualitario y una vida digna para todas las personas. S\u00fcdwind ha sido miembro desde hace mucho tiempo de la Plataforma Austriaca para el Desarrollo y la Ayuda Humanitaria, as\u00ed como de la Alianza Austriaca por la Justicia Clim\u00e1tica.<\/p>\n<\/p><\/div>\n<\/p><\/div>\n<\/li>\n<\/ul><\/div>\n<div class=\"uk-hidden@s uk-light\">\n            <a class=\"uk-position-center-left uk-position-small\" href=\"#\" uk-slidenav-previous uk-slider-item=\"previous\"><\/a><br \/>\n            <a class=\"uk-position-center-right uk-position-small\" href=\"#\" uk-slidenav-next uk-slider-item=\"next\"><\/a>\n        <\/div>\n<div class=\"uk-visible@s\">\n            <a class=\"uk-position-center-left-out uk-position-small\" href=\"#\" uk-slidenav-previous uk-slider-item=\"previous\"><\/a><br \/>\n            <a class=\"uk-position-center-right-out uk-position-small\" href=\"#\" uk-slidenav-next uk-slider-item=\"next\"><\/a>\n        <\/div>\n<\/p><\/div>\n<ul class=\"uk-slider-nav uk-dotnav uk-flex-center uk-margin\"><\/ul>\n<\/div>\n<\/div>\n<p><!--more--><br \/>\n<!-- {\"type\":\"layout\",\"children\":[{\"type\":\"section\",\"props\":{\"style\":\"default\",\"width\":\"default\",\"vertical_align\":\"middle\",\"title_position\":\"top-left\",\"title_rotation\":\"left\",\"title_breakpoint\":\"xl\",\"image_position\":\"center-center\",\"padding_remove_top\":true},\"children\":[{\"type\":\"row\",\"children\":[{\"type\":\"column\",\"props\":{\"image_position\":\"center-center\",\"media_overlay_gradient\":\"\"},\"children\":[{\"type\":\"headline\",\"props\":{\"title_element\":\"h1\",\"class\":\"color-primary\",\"content\":\"<strong>Organizaciones<\\\/strong>\",\"title_style\":\"heading-small\"},\"modified\":\"2021-05-12T09:39:05.729Z\",\"name\":\"Headers\"},{\"type\":\"text\",\"props\":{\"margin\":\"default\",\"column_breakpoint\":\"m\",\"content\":\"\\n\n\n<div uk-slider>\\n\\n    \n\n<div class=\\\"uk-position-relative\\\">\\n\\n        \n\n<div class=\\\"uk-slider-container\\\">\\n            \n\n<ul class=\\\"custom-slider-items uk-slider-items uk-child-width-1-1 uk-flex uk-flex-middle\\\">\\n                <!-- Partner 1-->\\n\\t\\t\\t\\t<\/p>\n<li>\\n\n<div class=\\\"uk-child-width-expand@s\\\" uk-grid>\\n\\t\\t\\t\\t\\t\\t<\/p>\n<div class=\\\"uk-width-1-1\\\">\\n\\t\\t\\t\\t\\t\\t<\/p>\n<div class=\\\"uk-flex uk-flex-middle\\\">\\n                            <\/p>\n<div class=\\\"uk-width-1-4@m inline-block\\\">\\n                            <img src=\\\"wp-content\\\/uploads\\\/2021\\\/05\\\/intered-ingles-claim.png\\\"><\\\/div>\\n                            <\/p>\n<div class=\\\"uk-width-1-4@m inline-block\\\">\\n\\t\\t\\t\\t\\t\\t\\t<\/p>\n<div class=\\\"foo-tab2\\\"><a href=\\\"http:\\\/\\\/intered.org\\\/\\\" target=\\\"_blank\\\">Visita la p\\u00e1gina web<\\\/a><\\\/div>\\n                            <\\\/div> <\\\/div>\\n\\t\\t\\t\\t\\t\\t<\/p>\n<p>\\n\\t\\t\\t\\t\\t\\tInteRed es una ONGD especializada en educaci\\u00f3n y equidad de g\\u00e9nero. Desde 1992 impulsa una educaci\\u00f3n transformadora que genere una participaci\\u00f3n activa y comprometida a favor de la justicia, la equidad de g\\u00e9nero y la sostenibilidad social y ambiental.\\n                            <\\\/p>\\n                            <\/p>\n<p>\\n                            InteRed trabaja con personas y organizaciones de diferentes pa\\u00edses y culturas, especialmente con aquellos cuyos derechos son m\\u00e1s vulnerados: ni\\u00f1os y ni\\u00f1as, mujeres, comunidades rurales, poblaciones ind\\u00edgenas.\\n\\n                            <\\\/p>\\n                            <\/p>\n<p>\\n                                InteRed trabaja en 11 pa\\u00edses, entre ellos Espa\\u00f1a, donde cuenta con 11 delegaciones territoriales y una amplia base social de socios y socias, donantes y personas voluntarias. \\n                            <\\\/p>\\n                            <\/p>\n<p>\\n                                <b>MISI\\u00d3N: <\\\/b> Somos una ONGD promovida por la Instituci\\u00f3n Teresiana que, apuesta por una educaci\\u00f3n transformadora, que genere la participaci\\u00f3n activa y comprometida de todas las personas a favor de la justicia, la equidad de g\\u00e9nero y la sostenibilidad social y ambiental.\\n                                <br \/><b>VISI\\u00d3N:<\\\/b> Una organizaci\\u00f3n que impulsa procesos educativos para el cambio personal y colectivo a favor de la justicia social, la equidad y el cuidado de las personas y la naturaleza, abierta a la participaci\\u00f3n y al di\\u00e1logo con grupos y personas de distintos pa\\u00edses.\\n\\n                                <br \/><b>VALORES:<\\\/b> Promovemos y queremos vivir valores como la coherencia, el cuidado de las personas y el planeta, la equidad, la corresponsabilidad, la participaci\\u00f3n, la solidaridad y la transparencia en nuestras acciones.\\n\\n                            <\\\/p>\\n\\t\\t\\t\\t\\t\\t<\\\/div>\\n\\t\\t\\t\\t\\t\\t\\n\\t\\t\\t\\t\\t\\t\\n\\t\\t\\t\\t\\t\\t<\\\/div>   \\n\\t\\t\\t\\t\\n\\t\\t\\t\\t   \\n                <\\\/li>\\n\\t\\t\\t\\t\\n\\t\\t\\t\\t\\n\\t\\t\\t\\t<!-- Partner 2-->\\n\\t\\t\\t\\t\\n\\t\\t\\t\\t\\n\\t\\t\\t\\t\\n\\t\\t\\t\\t<!-- Partner 3-->\\n\\t\\t\\t\\t<\/p>\n<li>\\n                    \\n\\t\\t\\t\\t\\t \\n\\t\\t\\t\\t\\t\n<div class=\\\"uk-child-width-expand@s\\\" uk-grid>\\n\\t\\t\\t\\t\\t\\t<\/p>\n<div class=\\\"uk-width-1-1\\\">\\n\\t\\t\\t\\t\\t\\t<\/p>\n<div class=\\\"uk-flex uk-flex-middle\\\">\\n                            <\/p>\n<div class=\\\"uk-width-1-4@m inline-block\\\">\\n                            <img src=\\\"wp-content\\\/uploads\\\/2021\\\/05\\\/cesie-logo-1.png\\\"><\\\/div>\\n                            <\/p>\n<div class=\\\"uk-width-1-4@m inline-block\\\">\\n\\t\\t\\t\\t\\t\\t\\t<\/p>\n<div class=\\\"foo-tab2\\\"><a href=\\\"https:\\\/\\\/cesie.org\\\/\\\" target=\\\"_blank\\\">Visita la p\\u00e1gina web<\\\/a><\\\/div>\\n                            <\\\/div> <\\\/div>\\n\\t\\t\\t\\t\\t\\t<\/p>\n<p>CESIE es un Centro de Estudios Europeo e Iniciativas con sede en Palermo, Sicilia. Fundadod en 2001, inspirado en el trabajo y las teor\\u00edas del soci\\u00f3logo, activista y educador Danilo Dolci (1924-1997).\\n<\\\/p><\/p>\n<p>Nuestra misi\\u00f3n es promover la innovaci\\u00f3n, la participaci\\u00f3n y el crecimiento educativo. \\n<\\\/p><\/p>\n<p>El lema de CESIE, el mundo es una sola criatura, expresa la filosof\\u00eda por la que trabaja la organizaci\\u00f3n: inclusi\\u00f3n y equidad para todos y todas.\\n<\\\/p><\/p>\n<p>CESIE est\\u00e1 estructurado en 6 unidades principales:<\/p>\n<p>\\n<b>Educaci\\u00f3n superior e investigaci\\u00f3n:<\\\/b> fomento del progreso, la investigaci\\u00f3n y la innovaci\\u00f3n sostenibles y responsables en la educaci\\u00f3n superior y los sistemas de investigaci\\u00f3n;\\n<br \/><b>Derechos y Justicia:<\\\/b> promover la igualdad, proteger los derechos de las personas, prevenir y desarrollar respuestas a la violencia y la discriminaci\\u00f3n;\\n<br \/><b>Personas Adultas: <\\\/b>mejorar el aprendizaje permanente en la educaci\\u00f3n de las personas adultas, impulsar pr\\u00e1cticas innovadoras y desarrollar competencias clave para las personas adultas;\\n<br \/><b>Migraci\\u00f3n:<\\\/b> desarrollo de enfoques efectivos e inclusivos para solicitantes de asilo, personas refugiadas y migrantes;\\n<br \/><b>Escuela:<\\\/b> mejora de la calidad y eficiencia de la educaci\\u00f3n formal;\\n<br \/><b>Juventud:<\\\/b> potenciar la ciudadan\\u00eda activa, la formaci\\u00f3n, la educaci\\u00f3n y la movilidad de los y las j\\u00f3venes.<\\\/p>\\n\\t\\t\\t\\t\\t\\t<\\\/div>\\n\\t\\t\\t\\t\\t\\t\\n\\t\\t\\t\\t\\t\\t\\n\\t\\t\\t\\t\\t\\t<\\\/div>   \\n                <\\\/li>\\n\\t\\t\\t\\t\\n\\t\\t\\t\\t\\n\\t\\t\\t\\t<!-- Partner 4-->\\n\\t\\t\\t\\t<\/p>\n<li>\\n\n<div class=\\\"uk-child-width-expand@s\\\" uk-grid>\\n\\t\\t\\t\\t\\t\\t<\/p>\n<div class=\\\"uk-width-1-1\\\">\\n\\t\\t\\t\\t\\t\\t<\/p>\n<div class=\\\"uk-flex uk-flex-middle\\\">\\n                            <\/p>\n<div class=\\\"uk-width-1-4@m inline-block\\\">\\n                            <img src=\\\"wp-content\\\/uploads\\\/2021\\\/05\\\/logo-kmop-1.jpg\\\"><\\\/div>\\n                            <\/p>\n<div class=\\\"uk-width-1-4@m inline-block\\\">\\n\\t\\t\\t\\t\\t\\t\\t<\/p>\n<div class=\\\"foo-tab2\\\"><a href=\\\"https:\\\/\\\/www.kmop.gr\\\/\\\" target=\\\"_blank\\\">Visita la p\\u00e1gina web<\\\/a><\\\/div>\\n                            <\\\/div> <\\\/div>\\n\\t\\t\\t\\t\\t\\t<\/p>\n<p>\\n\\t\\t\\t\\t\\t\\tKMOP &#8211; Centro de Innovaci\\u00f3n y Acci\\u00f3n Social es una organizaci\\u00f3n sin \\u00e1nimo de lucro, con sede en Atenas, Grecia, con m\\u00e1s de 40 a\\u00f1os de experiencia en desarrollo sostenible, crecimiento social, protecci\\u00f3n de los derechos humanos, inclusi\\u00f3n social e investigaci\\u00f3n de pol\\u00edticas. Se centra en desarrollar la resiliencia de las personas, combatir las desigualdades y apoyar el crecimiento inclusivo y sostenible mediante el desarrollo y la implementaci\\u00f3n de una variedad de herramientas, programas y pol\\u00edticas innovadoras. Junto con la provisi\\u00f3n directa de servicios sociales, la experiencia de KMOP se relaciona con el dise\\u00f1o y la implementaci\\u00f3n de programas con gran impacto en las \\u00e1reas de educaci\\u00f3n, migraci\\u00f3n, protecci\\u00f3n de los derechos humanos, empleo, salud mental y econom\\u00eda social. \\n<\\\/p><\/p>\n<p>KMOP es el coordinador del proyecto POLITEIA. En el campo de la educaci\\u00f3n, la organizaci\\u00f3n tiene una gran experiencia en la implementaci\\u00f3n de proyectos relevantes y ha establecido una colaboraci\\u00f3n continua y exitosa con el Ministerio de Educaci\\u00f3n de Grecia y la Fundaci\\u00f3n de Educaci\\u00f3n para el Aprendizaje a lo largo de la vida de las Personas J\\u00f3venes. Adem\\u00e1s, KMOP ha estado involucrado durante mucho tiempo en la implementaci\\u00f3n de programas de aprendizaje a lo largo de la vida, aprendizaje no formal y desarrollo de capacidades para personas socialmente vulnerables.\\n<\\\/p>\\n\\t\\t\\t\\t\\t\\t<\\\/div>\\n\\t\\t\\t\\t\\t\\t\\n\\t\\t\\t\\t\\t\\t\\n\\t\\t\\t\\t\\t\\t<\\\/div>   \\n\\t\\t\\t\\t\\n                <\\\/li>\\n\\t\\t\\t\\t\\n\\t\\t\\t\\t<\/p>\n<li>\\n                    \\n\\t\\t\\t\\t\\t\n<div class=\\\"uk-child-width-expand@s\\\" uk-grid>\\n\\t\\t\\t\\t\\t\\t<\/p>\n<div class=\\\"uk-width-1-1\\\">\\n\\t\\t\\t\\t\\t\\t<\/p>\n<div class=\\\"uk-flex uk-flex-middle\\\">\\n                            <\/p>\n<div class=\\\"uk-width-1-4@m inline-block\\\">\\n                            <img src=\\\"wp-content\\\/uploads\\\/2021\\\/05\\\/cardet.svg\\\"><\\\/div>\\n                            <\/p>\n<div class=\\\"uk-width-1-4@m inline-block\\\">\\n\\t\\t\\t\\t\\t\\t\\t<\/p>\n<div class=\\\"foo-tab2\\\"><a href=\\\"https:\\\/\\\/cardet.org\\\/\\\" target=\\\"_blank\\\">Visita la p\\u00e1gina web<\\\/a><\\\/div>\\n                            <\\\/div> <\\\/div>\\n\\t\\t\\t\\t\\t\\t<\/p>\n<p>\\n\\t\\t\\t\\t\\t\\tCARDET es uno de los principales centros de investigaci\\u00f3n y desarrollo en la regi\\u00f3n mediterr\\u00e1nea con experiencia global en dise\\u00f1o e implementaci\\u00f3n de proyectos, desarrollo de capacidades y educaci\\u00f3n a distancia. Est\\u00e1 afiliada de forma independiente a universidades e instituciones de todo el mundo, como la Universidad de Yale, la Universidad de Nicosia y el Consejo Internacional de Medios Educativos. CARDET ha completado numerosos proyectos relacionados con el desarrollo de la creaci\\u00f3n de capacidad y la planificaci\\u00f3n en educaci\\u00f3n y FTP, apoyo a las personas j\\u00f3venes, aprendizaje de personas adultas, alfabetizaci\\u00f3n, herramientas digitales, educaci\\u00f3n a distancia, tecnolog\\u00eda educativa e integraci\\u00f3n social de grupos marginados. Una de nuestras principales fortalezas es nuestra capacidad para planificar, implementar, ejecutar y evaluar cuidadosamente proyectos en diversos contextos.\\n<\\\/p>\\n\\t\\t\\t\\t\\t\\t<\\\/div>\\n\\t\\t\\t\\t\\t\\t\\n\\t\\t\\t\\t\\t\\t\\n\\t\\t\\t\\t\\t\\t<\\\/div>   \\n\\t\\t\\t\\t\\n\\t\\t\\t\\t\\t\\n                <\\\/li>\\n\\t\\t\\t\\t<!-- Partner 5-->\\n\\t\\t\\t\\t<\/p>\n<li>\\n\n<div class=\\\"uk-child-width-expand@s\\\" uk-grid>\\n\\t\\t\\t\\t\\t\\t<\/p>\n<div class=\\\"uk-width-1-1\\\">\\n\\t\\t\\t\\t\\t\\t<\/p>\n<div class=\\\"uk-flex uk-flex-middle\\\">\\n                            <\/p>\n<div class=\\\"uk-width-1-4@m inline-block\\\">\\n                            <img src=\\\"wp-content\\\/uploads\\\/2021\\\/05\\\/csm_logo_SW_blanco_fb73845432.jpg\\\"><\\\/div>\\n                            <\/p>\n<div class=\\\"uk-width-1-4@m inline-block\\\">\\n\\t\\t\\t\\t\\t\\t\\t<\/p>\n<div class=\\\"foo-tab2\\\"><a href=\\\"https:\\\/\\\/www.suedwind.at\\\/\\\" target=\\\"_blank\\\">Visita la p\\u00e1gina web<\\\/a><\\\/div>\\n                            <\\\/div> <\\\/div>\\n\\t\\t\\t\\t\\t\\t<\/p>\n<p>\\n\\t\\t\\t\\t\\t\\tS\\u00fcdwind es una organizaci\\u00f3n austriaca independiente de derechos humanos. Desde hace m\\u00e1s de 40 a\\u00f1os S\\u00fcdwind lleva abogando por la justicia social, condiciones laborales justas y un desarrollo global sostenible. A trav\\u00e9s del trabajo educativo, las relaciones p\\u00fablicas y campa\\u00f1as, S\\u00fcdwind aborda las interrelaciones globales y sus impactos sociales. Con campa\\u00f1as p\\u00fablicas, de sensibilizaci\\u00f3n y trabajo educativo, S\\u00fcdwind est\\u00e1 comprometida con un mundo m\\u00e1s igualitario y una vida digna para todas las personas. S\\u00fcdwind ha sido miembro desde hace mucho tiempo de la Plataforma Austriaca para el Desarrollo y la Ayuda Humanitaria, as\\u00ed como de la Alianza Austriaca por la Justicia Clim\\u00e1tica.\\n\\n<\\\/p>\\n\\t\\t\\t\\t\\t\\t<\\\/div>\\n\\t\\t\\t\\t\\t\\t\\n\\t\\t\\t\\t\\t\\t\\n\\t\\t\\t\\t\\t\\t<\\\/div>   \\n\\t\\t\\t\\t\\n                <\\\/li>\\n\\t\\t\\t\\t\\n\\t\\t\\t\\t\\n\\t\\t\\t\\t\\n                \\n            <\\\/ul>\\n        <\\\/div>\\n\\n        <\/p>\n<div class=\\\"uk-hidden@s uk-light\\\">\\n            <a class=\\\"uk-position-center-left uk-position-small\\\" href=\\\"#\\\" uk-slidenav-previous uk-slider-item=\\\"previous\\\"><\\\/a>\\n            <a class=\\\"uk-position-center-right uk-position-small\\\" href=\\\"#\\\" uk-slidenav-next uk-slider-item=\\\"next\\\"><\\\/a>\\n        <\\\/div>\\n\\n        <\/p>\n<div class=\\\"uk-visible@s\\\">\\n            <a class=\\\"uk-position-center-left-out uk-position-small\\\" href=\\\"#\\\" uk-slidenav-previous uk-slider-item=\\\"previous\\\"><\\\/a>\\n            <a class=\\\"uk-position-center-right-out uk-position-small\\\" href=\\\"#\\\" uk-slidenav-next uk-slider-item=\\\"next\\\"><\\\/a>\\n        <\\\/div>\\n\\n    <\\\/div>\\n\\n    <\/p>\n<ul class=\\\"uk-slider-nav uk-dotnav uk-flex-center uk-margin\\\"><\\\/ul>\\n\\n<\\\/div>\u00ab,\u00bbcss\u00bb:\u00bb.foo-tab2{margin-left:30px;}\\n\\n.el-element{margin-top:45px !important;}\u00bb}}]}]}]}],\u00bbversion\u00bb:\u00bb2.4.14&#8243;} &#8211;><\/p>\n","protected":false},"excerpt":{"rendered":"<p>Organizaciones Visita la p\u00e1gina web InteRed es una ONGD especializada en educaci\u00f3n y equidad de g\u00e9nero. Desde 1992 impulsa una&#8230;<\/p>\n","protected":false},"author":2,"featured_media":0,"parent":0,"menu_order":0,"comment_status":"closed","ping_status":"closed","template":"","meta":{"_acf_changed":false,"footnotes":""},"class_list":["post-590","page","type-page","status-publish","hentry"],"acf":[],"_links":{"self":[{"href":"https:\/\/feinamc.eu\/es\/wp-json\/wp\/v2\/pages\/590","targetHints":{"allow":["GET"]}}],"collection":[{"href":"https:\/\/feinamc.eu\/es\/wp-json\/wp\/v2\/pages"}],"about":[{"href":"https:\/\/feinamc.eu\/es\/wp-json\/wp\/v2\/types\/page"}],"author":[{"embeddable":true,"href":"https:\/\/feinamc.eu\/es\/wp-json\/wp\/v2\/users\/2"}],"replies":[{"embeddable":true,"href":"https:\/\/feinamc.eu\/es\/wp-json\/wp\/v2\/comments?post=590"}],"version-history":[{"count":3,"href":"https:\/\/feinamc.eu\/es\/wp-json\/wp\/v2\/pages\/590\/revisions"}],"predecessor-version":[{"id":632,"href":"https:\/\/feinamc.eu\/es\/wp-json\/wp\/v2\/pages\/590\/revisions\/632"}],"wp:attachment":[{"href":"https:\/\/feinamc.eu\/es\/wp-json\/wp\/v2\/media?parent=590"}],"curies":[{"name":"wp","href":"https:\/\/api.w.org\/{rel}","templated":true}]}}